{"id":1966,"date":"2020-07-29T10:00:39","date_gmt":"2020-07-29T10:00:39","guid":{"rendered":"https:\/\/jabatextil.prova.cat\/quienes-somos\/"},"modified":"2020-09-23T13:23:57","modified_gmt":"2020-09-23T13:23:57","slug":"quienes-somos","status":"publish","type":"page","link":"https:\/\/jabatextil.com\/es\/quienes-somos\/","title":{"rendered":"Qui\u00e9nes somos"},"content":{"rendered":"<p>[et_pb_section fb_built=&#8221;1&#8243; _builder_version=&#8221;4.2&#8243; custom_padding=&#8221;||||false|false&#8221;][et_pb_row _builder_version=&#8221;3.25&#8243;][et_pb_column type=&#8221;4_4&#8243; _builder_version=&#8221;3.25&#8243; custom_padding=&#8221;|||&#8221; custom_padding__hover=&#8221;|||&#8221;][et_pb_text admin_label=&#8221;Qui som&#8221; _builder_version=&#8221;4.6.3&#8243;]<\/p>\n<h2 style=\"text-align: center;\"><strong>Qui\u00e9nes somos<\/strong><\/h2>\n<p>[\/et_pb_text][et_pb_divider color=&#8221;#545454&#8243; disabled_on=&#8221;on|on|off&#8221; _builder_version=&#8221;3.17.6&#8243; max_width=&#8221;32px&#8221; module_alignment=&#8221;center&#8221; height=&#8221;16px&#8221; custom_margin=&#8221;||20px|&#8221; animation_style=&#8221;slide&#8221; animation_direction=&#8221;bottom&#8221; global_module=&#8221;751&#8243; saved_tabs=&#8221;all&#8221;][\/et_pb_divider][\/et_pb_column][\/et_pb_row][et_pb_row column_structure=&#8221;1_2,1_2&#8243; _builder_version=&#8221;4.1&#8243;][et_pb_column type=&#8221;1_2&#8243; _builder_version=&#8221;3.25&#8243; custom_padding=&#8221;|||&#8221; custom_padding__hover=&#8221;|||&#8221;][et_pb_text _builder_version=&#8221;4.6.3&#8243; text_orientation=&#8221;justified&#8221;]<\/p>\n<p><strong>Somos una empresa dedicada al dise\u00f1o, la fabricaci\u00f3n y la comercializaci\u00f3n de tejidos.<\/strong> Estamos especializados en camiser\u00eda, para hombre y mujer.<\/p>\n<p>Nuestra misi\u00f3n es proporcionar art\u00edculos de alta calidad basados en las \u00faltimas tendencias y en requerimientos personalizados, los cuales garantizan al cliente su m\u00e1xima satisfacci\u00f3n.<\/p>\n<p>[\/et_pb_text][\/et_pb_column][et_pb_column type=&#8221;1_2&#8243; _builder_version=&#8221;3.25&#8243; custom_padding=&#8221;|||&#8221; custom_padding__hover=&#8221;|||&#8221;][et_pb_image src=&#8221;http:\/\/jabatextil.prova.cat\/wp-content\/uploads\/2018\/07\/jaba-3.jpg&#8221; align_tablet=&#8221;center&#8221; align_phone=&#8221;&#8221; align_last_edited=&#8221;on|desktop&#8221; _builder_version=&#8221;3.23&#8243;][\/et_pb_image][\/et_pb_column][\/et_pb_row][et_pb_row _builder_version=&#8221;4.1&#8243; background_color=&#8221;#61d4d2&#8243; width=&#8221;100%&#8221; custom_margin=&#8221;50px||50px||false|false&#8221;][et_pb_column type=&#8221;4_4&#8243; _builder_version=&#8221;4.1&#8243;][et_pb_blurb content_max_width=&#8221;80%&#8221; _builder_version=&#8221;4.1&#8243; header_text_align=&#8221;center&#8221; header_text_color=&#8221;#ffffff&#8221; body_text_color=&#8221;#ffffff&#8221;]<\/p>\n<h4><span style=\"color: #ffffff;\">Conocemos las necesidades de nuestros clientes y tenemos la experiencia y los recursos para ofrecer soluciones.<\/span><\/h4>\n<p>[\/et_pb_blurb][\/et_pb_column][\/et_pb_row][et_pb_row _builder_version=&#8221;3.25&#8243; background_size=&#8221;initial&#8221; background_position=&#8221;top_left&#8221; background_repeat=&#8221;repeat&#8221;][et_pb_column type=&#8221;4_4&#8243; _builder_version=&#8221;3.25&#8243; custom_padding=&#8221;|||&#8221; custom_padding__hover=&#8221;|||&#8221;][et_pb_text _builder_version=&#8221;4.6.3&#8243; text_orientation=&#8221;justified&#8221;]<\/p>\n<p>Los <strong>m\u00e1s de 50 a\u00f1os de experiencia<\/strong> nos han llevado a contar con un buen equipo de profesionales competentes, que trabajan d\u00eda a d\u00eda para ofrecer el mejor producto con dise\u00f1os actuales. Somos conocedores del sector y de su situaci\u00f3n, de los distintos procesos que conlleva la confecci\u00f3n de un tejido, como tambi\u00e9n de las complicaciones que pueden surgir. Conocemos nuestros art\u00edculos y es por eso que conseguimos ajustarnos lo m\u00e1ximo posible a las demandas de nuestros clientes.<\/p>\n<p>Intentamos ser siempre fieles a nuestros valores: manteniendo en todo momento el buen servicio al cliente, satisfaciendo los requerimientos y las necesidades m\u00e1s inmediatas, y confiando con nuestros proveedores y colaboradores habituales.<\/p>\n<p>[\/et_pb_text][et_pb_divider color=&#8221;rgba(97,212,210,0.25)&#8221; divider_weight=&#8221;1px&#8221; _builder_version=&#8221;3.29.3&#8243; custom_margin=&#8221;10px|||||&#8221; global_module=&#8221;745&#8243;][\/et_pb_divider][\/et_pb_column][\/et_pb_row][et_pb_row _builder_version=&#8221;4.6.3&#8243; hover_enabled=&#8221;0&#8243; module_id=&#8221;historia&#8221; sticky_enabled=&#8221;0&#8243;][et_pb_column type=&#8221;4_4&#8243; _builder_version=&#8221;3.25&#8243; custom_padding=&#8221;|||&#8221; custom_padding__hover=&#8221;|||&#8221;][et_pb_text admin_label=&#8221;Historia&#8221; _builder_version=&#8221;4.6.3&#8243;]<\/p>\n<h2 style=\"text-align: center;\"><strong>HISTORIA:<\/strong> Fabricantes desde 1964<\/h2>\n<p>[\/et_pb_text][\/et_pb_column][\/et_pb_row][et_pb_row _builder_version=&#8221;3.25&#8243; background_size=&#8221;initial&#8221; background_position=&#8221;top_left&#8221; background_repeat=&#8221;repeat&#8221;][et_pb_column type=&#8221;4_4&#8243; _builder_version=&#8221;3.25&#8243; custom_padding=&#8221;|||&#8221; custom_padding__hover=&#8221;|||&#8221;][et_pb_text _builder_version=&#8221;4.6.3&#8243; text_orientation=&#8221;justified&#8221;]<\/p>\n<p><strong>Nuestra historia se inicia el a\u00f1o 1964 a Caldes de Montbui,<\/strong> de la mano de Jaume Balaguer Torras. Una nave mal acondicionada y ocho telares de poco m\u00e1s de un metro de ancho, le permitieron empezar a trabajar para terceros. Con la ayuda de su padre Jaume Balaguer D\u00e8u, y gracias al hecho de estar en una zona con mucha industria textil, consigui\u00f3 sacar adelante el negocio. Poco a poco fue reconocido en el sector, como fabricante y como empresario.<\/p>\n<p>Desde entonces, la evoluci\u00f3n ha sido constante: Empezando con la construcci\u00f3n de una peque\u00f1a f\u00e1brica, siguiendo con la compra y el traslado a la f\u00e1brica actual, la modernizaci\u00f3n de la maquinaria, la entrada y el liderazgo dentro del mercado nacional, la internacionalizaci\u00f3n, el desarrollo de nuevos productos\u2026<\/p>\n<p>[\/et_pb_text][\/et_pb_column][\/et_pb_row][et_pb_row _builder_version=&#8221;3.25&#8243; background_size=&#8221;initial&#8221; background_position=&#8221;top_left&#8221; background_repeat=&#8221;repeat&#8221;][et_pb_column type=&#8221;4_4&#8243; _builder_version=&#8221;3.25&#8243; custom_padding=&#8221;|||&#8221; custom_padding__hover=&#8221;|||&#8221;][et_pb_text admin_label=&#8221;CRONOLOGIA &#8211; Dates importants&#8221; _builder_version=&#8221;4.1&#8243;]<\/p>\n<h4>CRONOLOG\u00cdA &#8211; Fechas importantes<\/h4>\n<p>[\/et_pb_text][et_pb_image src=&#8221;\/wp-content\/uploads\/2018\/07\/timeline-jabatextil.png&#8221; align_tablet=&#8221;center&#8221; align_phone=&#8221;&#8221; align_last_edited=&#8221;on|desktop&#8221; _builder_version=&#8221;4.6.3&#8243;][\/et_pb_image][et_pb_text _builder_version=&#8221;4.6.3&#8243; text_orientation=&#8221;justified&#8221;]<\/p>\n<p><span style=\"font-weight: 400;\">Desde aquella \u00e9poca hasta ahora han pasado muchas cosas\u2026 la <strong>construcci\u00f3n de una f\u00e1brica nueva<\/strong>, la compra y traslado a la f\u00e1brica actual, modernizaci\u00f3n de la maquinaria, entrada en el mercat nacional, internacionalizaci\u00f3n, productos noevos\u2026 pero siempre con el mismo concepto de Servicio al cliente y confianza con los colaboradores y preveedores.<\/span><\/p>\n<p><span style=\"font-weight: 400;\">Ahora, a pesar de todos los a\u00f1os y crisis pasadas, seguimos intentando dar un buen servicio a nuestros clientes y seguimos dando mucho valor a nuestros colaboradores.<\/span><\/p>\n<p>[\/et_pb_text][et_pb_divider color=&#8221;rgba(97,212,210,0.25)&#8221; divider_weight=&#8221;1px&#8221; _builder_version=&#8221;3.29.3&#8243; custom_margin=&#8221;10px|||||&#8221; global_module=&#8221;745&#8243;][\/et_pb_divider][\/et_pb_column][\/et_pb_row][et_pb_row _builder_version=&#8221;4.6.3&#8243; hover_enabled=&#8221;0&#8243; module_id=&#8221;fabrica&#8221; sticky_enabled=&#8221;0&#8243;][et_pb_column type=&#8221;4_4&#8243; _builder_version=&#8221;3.25&#8243; custom_padding=&#8221;|||&#8221; custom_padding__hover=&#8221;|||&#8221;][et_pb_text admin_label=&#8221;La F\u00e0brica&#8221; _builder_version=&#8221;4.1&#8243;]<\/p>\n<h2 style=\"text-align: center;\"><strong>LA F\u00c1BRICA:<\/strong> Nuestro valor a\u00f1adido<\/h2>\n<p>[\/et_pb_text][et_pb_image src=&#8221;https:\/\/jabatextil.prova.cat\/wp-content\/uploads\/2020\/01\/vista-fabrica-jaba-textil.jpg&#8221; _builder_version=&#8221;4.1&#8243;][\/et_pb_image][\/et_pb_column][\/et_pb_row][et_pb_row _builder_version=&#8221;3.25&#8243; background_size=&#8221;initial&#8221; background_position=&#8221;top_left&#8221; background_repeat=&#8221;repeat&#8221;][et_pb_column type=&#8221;4_4&#8243; _builder_version=&#8221;3.25&#8243; custom_padding=&#8221;|||&#8221; custom_padding__hover=&#8221;|||&#8221;][et_pb_text _builder_version=&#8221;4.6.3&#8243; text_orientation=&#8221;justified&#8221;]Tenemos una capacidad productiva que supera los 35.000 metros semanales, el cual nos garantiza cierta rapidez en el servicio y nos permite abastecer proyectos de gran envergadura. [\/et_pb_text][et_pb_text _builder_version=&#8221;4.6.3&#8243; text_orientation=&#8221;justified&#8221;]La fabricaci\u00f3n propia nos aporta una mayor flexibilidad y personalizaci\u00f3n de los pedidos, adem\u00e1s de una oportunidad para el desarrollo constante de nuevos productos. Actualmente disponemos de 24 telares de aire OMNI PLUS, que funcionan a una velocidad media de 650 pasadas por minuto. Con el fin de conseguir un funcionamiento y un rendimiento \u00f3ptimo, nos aseguramos de comprar a nuestros proveedores de confianza hilo de la mejor calidad: Hilos de hilatura algodonera que nos garantizan la obtenci\u00f3n de un buen art\u00edculo.<\/p>\n<p>Contamos con unas instalaciones de hasta 4.000 metros cuadrados, del cual m\u00e1s de la mitad son utilizados como almac\u00e9n de materias primas, en curso y acabadas. Disponemos tambi\u00e9n de un urdidor de muestras de la marca Suzuki, que nos permite desarrollar peque\u00f1as muestras personalizadas (banderas, tipos) entre 20 y 100 metros de largo. A partir de un dise\u00f1o en papel aprobado por el cliente, le ofrecemos la posibilidad de disponer de los metros necesarios para poder desarrollar su propio muestrario. [\/et_pb_text][et_pb_divider color=&#8221;rgba(97,212,210,0.25)&#8221; divider_weight=&#8221;1px&#8221; _builder_version=&#8221;3.29.3&#8243; custom_margin=&#8221;10px|||||&#8221; global_module=&#8221;745&#8243;][\/et_pb_divider][\/et_pb_column][\/et_pb_row][\/et_pb_section]<\/p>\n","protected":false},"excerpt":{"rendered":"<p>Qui\u00e9nes somos Somos una empresa dedicada al dise\u00f1o, la fabricaci\u00f3n y la comercializaci\u00f3n de tejidos. Estamos especializados en camiser\u00eda, para hombre y mujer. Nuestra misi\u00f3n es proporcionar art\u00edculos de alta calidad basados en las \u00faltimas tendencias y en requerimientos personalizados, los cuales garantizan al cliente su m\u00e1xima satisfacci\u00f3n.Conocemos las necesidades de nuestros clientes y tenemos [&hellip;]<\/p>\n","protected":false},"author":1,"featured_media":0,"parent":0,"menu_order":0,"comment_status":"closed","ping_status":"closed","template":"","meta":{"_et_pb_use_builder":"on","_et_pb_old_content":"","_et_gb_content_width":"","footnotes":""},"class_list":["post-1966","page","type-page","status-publish","hentry"],"yoast_head":"<!-- This site is optimized with the Yoast SEO plugin v26.2 - https:\/\/yoast.com\/wordpress\/plugins\/seo\/ -->\n<title>Qui\u00e9nes somos - Jaba Balaguer Textil<\/title>\n<meta name=\"robots\" content=\"index, follow, max-snippet:-1, max-image-preview:large, max-video-preview:-1\" \/>\n<link rel=\"canonical\" href=\"https:\/\/jabatextil.com\/es\/quienes-somos\/\" \/>\n<meta property=\"og:locale\" content=\"es_ES\" \/>\n<meta property=\"og:type\" content=\"article\" \/>\n<meta property=\"og:title\" content=\"Qui\u00e9nes somos - Jaba Balaguer Textil\" \/>\n<meta property=\"og:description\" content=\"Qui\u00e9nes somos Somos una empresa dedicada al dise\u00f1o, la fabricaci\u00f3n y la comercializaci\u00f3n de tejidos. Estamos especializados en camiser\u00eda, para hombre y mujer. Nuestra misi\u00f3n es proporcionar art\u00edculos de alta calidad basados en las \u00faltimas tendencias y en requerimientos personalizados, los cuales garantizan al cliente su m\u00e1xima satisfacci\u00f3n.Conocemos las necesidades de nuestros clientes y tenemos [&hellip;]\" \/>\n<meta property=\"og:url\" content=\"https:\/\/jabatextil.com\/es\/quienes-somos\/\" \/>\n<meta property=\"og:site_name\" content=\"Jaba Balaguer Textil\" \/>\n<meta property=\"article:modified_time\" content=\"2020-09-23T13:23:57+00:00\" \/>\n<meta name=\"twitter:card\" content=\"summary_large_image\" \/>\n<meta name=\"twitter:label1\" content=\"Tiempo de lectura\" \/>\n\t<meta name=\"twitter:data1\" content=\"6 minutos\" \/>\n<script type=\"application\/ld+json\" class=\"yoast-schema-graph\">{\"@context\":\"https:\/\/schema.org\",\"@graph\":[{\"@type\":\"WebPage\",\"@id\":\"https:\/\/jabatextil.com\/es\/quienes-somos\/\",\"url\":\"https:\/\/jabatextil.com\/es\/quienes-somos\/\",\"name\":\"Qui\u00e9nes somos - Jaba Balaguer Textil\",\"isPartOf\":{\"@id\":\"https:\/\/jabatextil.com\/es\/#website\"},\"datePublished\":\"2020-07-29T10:00:39+00:00\",\"dateModified\":\"2020-09-23T13:23:57+00:00\",\"breadcrumb\":{\"@id\":\"https:\/\/jabatextil.com\/es\/quienes-somos\/#breadcrumb\"},\"inLanguage\":\"es\",\"potentialAction\":[{\"@type\":\"ReadAction\",\"target\":[\"https:\/\/jabatextil.com\/es\/quienes-somos\/\"]}]},{\"@type\":\"BreadcrumbList\",\"@id\":\"https:\/\/jabatextil.com\/es\/quienes-somos\/#breadcrumb\",\"itemListElement\":[{\"@type\":\"ListItem\",\"position\":1,\"name\":\"Portada\",\"item\":\"https:\/\/jabatextil.com\/es\/\"},{\"@type\":\"ListItem\",\"position\":2,\"name\":\"Qui\u00e9nes somos\"}]},{\"@type\":\"WebSite\",\"@id\":\"https:\/\/jabatextil.com\/es\/#website\",\"url\":\"https:\/\/jabatextil.com\/es\/\",\"name\":\"Jaba Balaguer Textil\",\"description\":\"Projectes d\u2019imatge corporativa i roba laboral, adaptat a les necessitats o gust del client\",\"publisher\":{\"@id\":\"https:\/\/jabatextil.com\/es\/#organization\"},\"potentialAction\":[{\"@type\":\"SearchAction\",\"target\":{\"@type\":\"EntryPoint\",\"urlTemplate\":\"https:\/\/jabatextil.com\/es\/?s={search_term_string}\"},\"query-input\":{\"@type\":\"PropertyValueSpecification\",\"valueRequired\":true,\"valueName\":\"search_term_string\"}}],\"inLanguage\":\"es\"},{\"@type\":\"Organization\",\"@id\":\"https:\/\/jabatextil.com\/es\/#organization\",\"name\":\"Textil Balaguer SL\",\"url\":\"https:\/\/jabatextil.com\/es\/\",\"logo\":{\"@type\":\"ImageObject\",\"inLanguage\":\"es\",\"@id\":\"https:\/\/jabatextil.com\/es\/#\/schema\/logo\/image\/\",\"url\":\"https:\/\/jabatextil.com\/wp-content\/uploads\/2019\/10\/logo_jaba-textil-400.png\",\"contentUrl\":\"https:\/\/jabatextil.com\/wp-content\/uploads\/2019\/10\/logo_jaba-textil-400.png\",\"width\":400,\"height\":215,\"caption\":\"Textil Balaguer SL\"},\"image\":{\"@id\":\"https:\/\/jabatextil.com\/es\/#\/schema\/logo\/image\/\"}}]}<\/script>\n<!-- \/ Yoast SEO plugin. -->","yoast_head_json":{"title":"Qui\u00e9nes somos - Jaba Balaguer Textil","robots":{"index":"index","follow":"follow","max-snippet":"max-snippet:-1","max-image-preview":"max-image-preview:large","max-video-preview":"max-video-preview:-1"},"canonical":"https:\/\/jabatextil.com\/es\/quienes-somos\/","og_locale":"es_ES","og_type":"article","og_title":"Qui\u00e9nes somos - Jaba Balaguer Textil","og_description":"Qui\u00e9nes somos Somos una empresa dedicada al dise\u00f1o, la fabricaci\u00f3n y la comercializaci\u00f3n de tejidos. Estamos especializados en camiser\u00eda, para hombre y mujer. Nuestra misi\u00f3n es proporcionar art\u00edculos de alta calidad basados en las \u00faltimas tendencias y en requerimientos personalizados, los cuales garantizan al cliente su m\u00e1xima satisfacci\u00f3n.Conocemos las necesidades de nuestros clientes y tenemos [&hellip;]","og_url":"https:\/\/jabatextil.com\/es\/quienes-somos\/","og_site_name":"Jaba Balaguer Textil","article_modified_time":"2020-09-23T13:23:57+00:00","twitter_card":"summary_large_image","twitter_misc":{"Tiempo de lectura":"6 minutos"},"schema":{"@context":"https:\/\/schema.org","@graph":[{"@type":"WebPage","@id":"https:\/\/jabatextil.com\/es\/quienes-somos\/","url":"https:\/\/jabatextil.com\/es\/quienes-somos\/","name":"Qui\u00e9nes somos - Jaba Balaguer Textil","isPartOf":{"@id":"https:\/\/jabatextil.com\/es\/#website"},"datePublished":"2020-07-29T10:00:39+00:00","dateModified":"2020-09-23T13:23:57+00:00","breadcrumb":{"@id":"https:\/\/jabatextil.com\/es\/quienes-somos\/#breadcrumb"},"inLanguage":"es","potentialAction":[{"@type":"ReadAction","target":["https:\/\/jabatextil.com\/es\/quienes-somos\/"]}]},{"@type":"BreadcrumbList","@id":"https:\/\/jabatextil.com\/es\/quienes-somos\/#breadcrumb","itemListElement":[{"@type":"ListItem","position":1,"name":"Portada","item":"https:\/\/jabatextil.com\/es\/"},{"@type":"ListItem","position":2,"name":"Qui\u00e9nes somos"}]},{"@type":"WebSite","@id":"https:\/\/jabatextil.com\/es\/#website","url":"https:\/\/jabatextil.com\/es\/","name":"Jaba Balaguer Textil","description":"Projectes d\u2019imatge corporativa i roba laboral, adaptat a les necessitats o gust del client","publisher":{"@id":"https:\/\/jabatextil.com\/es\/#organization"},"potentialAction":[{"@type":"SearchAction","target":{"@type":"EntryPoint","urlTemplate":"https:\/\/jabatextil.com\/es\/?s={search_term_string}"},"query-input":{"@type":"PropertyValueSpecification","valueRequired":true,"valueName":"search_term_string"}}],"inLanguage":"es"},{"@type":"Organization","@id":"https:\/\/jabatextil.com\/es\/#organization","name":"Textil Balaguer SL","url":"https:\/\/jabatextil.com\/es\/","logo":{"@type":"ImageObject","inLanguage":"es","@id":"https:\/\/jabatextil.com\/es\/#\/schema\/logo\/image\/","url":"https:\/\/jabatextil.com\/wp-content\/uploads\/2019\/10\/logo_jaba-textil-400.png","contentUrl":"https:\/\/jabatextil.com\/wp-content\/uploads\/2019\/10\/logo_jaba-textil-400.png","width":400,"height":215,"caption":"Textil Balaguer SL"},"image":{"@id":"https:\/\/jabatextil.com\/es\/#\/schema\/logo\/image\/"}}]}},"_links":{"self":[{"href":"https:\/\/jabatextil.com\/es\/wp-json\/wp\/v2\/pages\/1966","targetHints":{"allow":["GET"]}}],"collection":[{"href":"https:\/\/jabatextil.com\/es\/wp-json\/wp\/v2\/pages"}],"about":[{"href":"https:\/\/jabatextil.com\/es\/wp-json\/wp\/v2\/types\/page"}],"author":[{"embeddable":true,"href":"https:\/\/jabatextil.com\/es\/wp-json\/wp\/v2\/users\/1"}],"replies":[{"embeddable":true,"href":"https:\/\/jabatextil.com\/es\/wp-json\/wp\/v2\/comments?post=1966"}],"version-history":[{"count":17,"href":"https:\/\/jabatextil.com\/es\/wp-json\/wp\/v2\/pages\/1966\/revisions"}],"predecessor-version":[{"id":2195,"href":"https:\/\/jabatextil.com\/es\/wp-json\/wp\/v2\/pages\/1966\/revisions\/2195"}],"wp:attachment":[{"href":"https:\/\/jabatextil.com\/es\/wp-json\/wp\/v2\/media?parent=1966"}],"curies":[{"name":"wp","href":"https:\/\/api.w.org\/{rel}","templated":true}]}}