{"id":1976,"date":"2020-07-29T10:26:39","date_gmt":"2020-07-29T10:26:39","guid":{"rendered":"https:\/\/jabatextil.prova.cat\/camiseria-de-moda\/"},"modified":"2023-03-30T16:57:27","modified_gmt":"2023-03-30T14:57:27","slug":"camiseria-de-moda","status":"publish","type":"page","link":"https:\/\/jabatextil.com\/es\/camiseria-de-moda\/","title":{"rendered":"Camiser\u00eda de moda"},"content":{"rendered":"<p>[et_pb_section fb_built=&#8221;1&#8243; _builder_version=&#8221;4.2&#8243; custom_padding=&#8221;||||false|false&#8221; da_disable_devices=&#8221;off|off|off&#8221; da_is_popup=&#8221;off&#8221; da_exit_intent=&#8221;off&#8221; da_has_close=&#8221;on&#8221; da_alt_close=&#8221;off&#8221; da_dark_close=&#8221;off&#8221; da_not_modal=&#8221;on&#8221; da_is_singular=&#8221;off&#8221; da_with_loader=&#8221;off&#8221; da_has_shadow=&#8221;on&#8221;][et_pb_row _builder_version=&#8221;3.25&#8243;][et_pb_column type=&#8221;4_4&#8243; _builder_version=&#8221;3.25&#8243; custom_padding=&#8221;|||&#8221; custom_padding__hover=&#8221;|||&#8221;][et_pb_text admin_label=&#8221;Camiseria de moda&#8221; _builder_version=&#8221;4.2&#8243;]<\/p>\n<h2 style=\"text-align: center;\"><strong>Camiser\u00eda de moda<\/strong><\/h2>\n<p>[\/et_pb_text][et_pb_divider color=&#8221;#545454&#8243; disabled_on=&#8221;on|on|off&#8221; _builder_version=&#8221;3.17.6&#8243; max_width=&#8221;32px&#8221; module_alignment=&#8221;center&#8221; height=&#8221;16px&#8221; custom_margin=&#8221;||20px|&#8221; animation_style=&#8221;slide&#8221; animation_direction=&#8221;bottom&#8221; global_module=&#8221;751&#8243; saved_tabs=&#8221;all&#8221;][\/et_pb_divider][\/et_pb_column][\/et_pb_row][et_pb_row _builder_version=&#8221;3.29.3&#8243;][et_pb_column type=&#8221;4_4&#8243; _builder_version=&#8221;3.29.3&#8243;][et_pb_text _builder_version=&#8221;4.2&#8243; text_text_color=&#8221;#414141&#8243; header_2_font=&#8221;|600||on|||||&#8221; header_2_text_align=&#8221;center&#8221; header_2_text_color=&#8221;#414141&#8243; text_orientation=&#8221;justified&#8221;]<\/p>\n<p>Nuestra experiencia en camiser\u00eda nos ha posicionado como l\u00edderes en el mercado espa\u00f1ol.<\/p>\n<p>Desarrollamos dos colecciones al a\u00f1o, siguiendo siempre las tendencias y las novedades de moda de cada temporada: En dise\u00f1o como en combinaci\u00f3n del colorido. Tambi\u00e9n disponemos de una colecci\u00f3n atemporal de art\u00edculos b\u00e1sicos en stock que nos permite un servicio r\u00e1pido de cantidades flexibles y adecuadas a las necesidades actuales de nuestro mercado.<\/p>\n<p>Les <strong>principales composiciones con las que trabajamos<\/strong> son:<\/p>\n<ul>\n<li>100% Algod\u00f3n<\/li>\n<li>Poli\u00e9ster\/Algod\u00f3n<\/li>\n<li>Algod\u00f3n\/Lino \u2013 Poli\u00e9ster\/Lino<\/li>\n<\/ul>\n<p>[\/et_pb_text][et_pb_divider color=&#8221;#545454&#8243; disabled_on=&#8221;on|on|off&#8221; _builder_version=&#8221;3.17.6&#8243; max_width=&#8221;32px&#8221; module_alignment=&#8221;center&#8221; height=&#8221;16px&#8221; custom_margin=&#8221;||20px|&#8221; animation_style=&#8221;slide&#8221; animation_direction=&#8221;bottom&#8221; global_module=&#8221;751&#8243; saved_tabs=&#8221;all&#8221;][\/et_pb_divider][\/et_pb_column][\/et_pb_row][et_pb_row column_structure=&#8221;1_2,1_2&#8243; _builder_version=&#8221;4.2&#8243;][et_pb_column type=&#8221;1_2&#8243; _builder_version=&#8221;4.2&#8243;][et_pb_blurb title=&#8221;Art\u00edculos b\u00e1sicos de stock service&#8221; image=&#8221;https:\/\/jabatextil.prova.cat\/wp-content\/uploads\/2018\/11\/denim-serie.jpg&#8221; admin_label=&#8221;Articles b\u00e0sics&#8221; module_class=&#8221;c-image__overlay-text&#8221; _builder_version=&#8221;4.2&#8243; header_font=&#8221;|600|||||||&#8221; header_text_color=&#8221;#ffffff&#8221; header_font_size=&#8221;24px&#8221; body_font_size=&#8221;16px&#8221; background_color=&#8221;#545454&#8243; animation=&#8221;off&#8221; link_option_url=&#8221;https:\/\/jabatextil.com\/es\/camiseria-de-moda\/&#8221; header_text_shadow_style=&#8221;preset1&#8243;]<\/p>\n<p style=\"text-align: center;\">\u2013 M\u00e1s de 200 referencias &#8211;<\/p>\n<p>[\/et_pb_blurb][\/et_pb_column][et_pb_column type=&#8221;1_2&#8243; _builder_version=&#8221;4.2&#8243;][et_pb_blurb title=&#8221;Art\u00edculos en colecci\u00f3n&#8221; image=&#8221;https:\/\/jabatextil.prova.cat\/wp-content\/uploads\/2018\/11\/elegance-serie.jpg&#8221; admin_label=&#8221;Articles en col\u00b7leccio&#8221; module_class=&#8221;c-image__overlay-text&#8221; _builder_version=&#8221;4.2&#8243; header_font=&#8221;|600|||||||&#8221; header_text_color=&#8221;#ffffff&#8221; header_font_size=&#8221;24px&#8221; body_font_size=&#8221;16px&#8221; background_color=&#8221;#545454&#8243; animation=&#8221;off&#8221; link_option_url=&#8221;https:\/\/jabatextil.com\/es\/camiseria-de-moda\/&#8221; header_text_shadow_style=&#8221;preset1&#8243;][\/et_pb_blurb][\/et_pb_column][\/et_pb_row][et_pb_row _builder_version=&#8221;3.29.3&#8243;][et_pb_column type=&#8221;4_4&#8243; _builder_version=&#8221;3.29.3&#8243;][et_pb_text admin_label=&#8221;popelins&#8221; _builder_version=&#8221;4.2&#8243;]<\/p>\n<h3 style=\"text-align: center;\">Popelines<\/h3>\n<p>[\/et_pb_text][et_pb_divider color=&#8221;#545454&#8243; disabled_on=&#8221;on|on|off&#8221; _builder_version=&#8221;3.17.6&#8243; max_width=&#8221;32px&#8221; module_alignment=&#8221;center&#8221; height=&#8221;16px&#8221; custom_margin=&#8221;||20px|&#8221; animation_style=&#8221;slide&#8221; animation_direction=&#8221;bottom&#8221; global_module=&#8221;751&#8243; saved_tabs=&#8221;all&#8221;][\/et_pb_divider][\/et_pb_column][\/et_pb_row][et_pb_row column_structure=&#8221;1_3,1_3,1_3&#8243; _builder_version=&#8221;4.2&#8243;][et_pb_column type=&#8221;1_3&#8243; _builder_version=&#8221;4.2&#8243;][et_pb_image src=&#8221;https:\/\/jabatextil.prova.cat\/wp-content\/uploads\/2020\/01\/Petermann_08.jpg&#8221; _builder_version=&#8221;4.2.1&#8243;][\/et_pb_image][et_pb_text admin_label=&#8221;llisos&#8221; _builder_version=&#8221;4.2&#8243;]<\/p>\n<h3 style=\"text-align: center;\">lisos<\/h3>\n<p>[\/et_pb_text][\/et_pb_column][et_pb_column type=&#8221;1_3&#8243; _builder_version=&#8221;4.2&#8243;][et_pb_image src=&#8221;https:\/\/jabatextil.prova.cat\/wp-content\/uploads\/2020\/01\/Valencia-Quadre-Petermann.jpeg&#8221; _builder_version=&#8221;4.2.1&#8243;][\/et_pb_image][et_pb_text admin_label=&#8221;ratlles i quadres&#8221; _builder_version=&#8221;4.2&#8243;]<\/p>\n<h3 style=\"text-align: center;\">Rayas y cuadros<\/h3>\n<p>[\/et_pb_text][\/et_pb_column][et_pb_column type=&#8221;1_3&#8243; _builder_version=&#8221;4.2&#8243;][et_pb_image src=&#8221;https:\/\/jabatextil.prova.cat\/wp-content\/uploads\/2020\/01\/Rustic-3602.jpeg&#8221; _builder_version=&#8221;4.2.1&#8243;][\/et_pb_image][et_pb_text admin_label=&#8221;estampats&#8221; _builder_version=&#8221;4.2&#8243;]<\/p>\n<h3 style=\"text-align: center;\">estampados<\/h3>\n<p>[\/et_pb_text][\/et_pb_column][\/et_pb_row][et_pb_row _builder_version=&#8221;3.29.3&#8243;][et_pb_column type=&#8221;4_4&#8243; _builder_version=&#8221;3.29.3&#8243;][et_pb_text admin_label=&#8221;dibuixos varis&#8221; _builder_version=&#8221;4.2&#8243;]<\/p>\n<h3 style=\"text-align: center;\">Dibujos varios<\/h3>\n<p>[\/et_pb_text][et_pb_divider color=&#8221;#545454&#8243; disabled_on=&#8221;on|on|off&#8221; _builder_version=&#8221;3.17.6&#8243; max_width=&#8221;32px&#8221; module_alignment=&#8221;center&#8221; height=&#8221;16px&#8221; custom_margin=&#8221;||20px|&#8221; animation_style=&#8221;slide&#8221; animation_direction=&#8221;bottom&#8221; global_module=&#8221;751&#8243; saved_tabs=&#8221;all&#8221;][\/et_pb_divider][\/et_pb_column][\/et_pb_row][et_pb_row column_structure=&#8221;1_5,1_5,1_5,1_5,1_5&#8243; _builder_version=&#8221;4.2&#8243;][et_pb_column type=&#8221;1_5&#8243; _builder_version=&#8221;4.2&#8243;][et_pb_image src=&#8221;https:\/\/jabatextil.prova.cat\/wp-content\/uploads\/2020\/01\/Valencia-Quadre-Petermann.jpeg&#8221; _builder_version=&#8221;4.2.1&#8243;][\/et_pb_image][et_pb_text admin_label=&#8221;sarja&#8221; _builder_version=&#8221;4.2.1&#8243;]<\/p>\n<h3 style=\"text-align: center;\">Sarga<\/h3>\n<p>[\/et_pb_text][\/et_pb_column][et_pb_column type=&#8221;1_5&#8243; _builder_version=&#8221;4.2&#8243;][et_pb_image src=&#8221;https:\/\/jabatextil.prova.cat\/wp-content\/uploads\/2020\/01\/Rustic-3602.jpeg&#8221; _builder_version=&#8221;4.2.1&#8243;][\/et_pb_image][et_pb_text admin_label=&#8221;maquineta&#8221; _builder_version=&#8221;4.2&#8243;]<\/p>\n<h3 style=\"text-align: center;\">Maquinilla<\/h3>\n<p>[\/et_pb_text][\/et_pb_column][et_pb_column type=&#8221;1_5&#8243; _builder_version=&#8221;4.2&#8243;][et_pb_image src=&#8221;https:\/\/jabatextil.prova.cat\/wp-content\/uploads\/2020\/01\/Valencia-Quadre-Petermann.jpeg&#8221; _builder_version=&#8221;4.2.1&#8243;][\/et_pb_image][et_pb_text admin_label=&#8221;oxford&#8221; _builder_version=&#8221;4.2&#8243;]<\/p>\n<h3 style=\"text-align: center;\">Oxford<\/h3>\n<p>[\/et_pb_text][\/et_pb_column][et_pb_column _builder_version=&#8221;4.6.6&#8243; _module_preset=&#8221;default&#8221; type=&#8221;1_5&#8243;][et_pb_text admin_label=&#8221;Panama&#8221; _builder_version=&#8221;4.2&#8243;]<\/p>\n<h3 style=\"text-align: center;\">Panam\u00e1<\/h3>\n<p>[\/et_pb_text][\/et_pb_column][et_pb_column _builder_version=&#8221;4.6.6&#8243; _module_preset=&#8221;default&#8221; type=&#8221;1_5&#8243;][et_pb_text admin_label=&#8221;fill a fill&#8221; _builder_version=&#8221;4.6.6&#8243; hover_enabled=&#8221;0&#8243; sticky_enabled=&#8221;0&#8243;]<\/p>\n<h3 style=\"text-align: center;\">Hilo a hilo<\/h3>\n<p>[\/et_pb_text][\/et_pb_column][\/et_pb_row][\/et_pb_section][et_pb_section fb_built=&#8221;1&#8243; module_id=&#8221;contact&#8221; _builder_version=&#8221;3.22&#8243; background_color=&#8221;#fbfbfb&#8221; custom_padding=&#8221;54px|0px|54px|0px|false|false&#8221; da_disable_devices=&#8221;off|off|off&#8221; da_is_popup=&#8221;off&#8221; da_exit_intent=&#8221;off&#8221; da_has_close=&#8221;on&#8221; da_alt_close=&#8221;off&#8221; da_dark_close=&#8221;off&#8221; da_not_modal=&#8221;on&#8221; da_is_singular=&#8221;off&#8221; da_with_loader=&#8221;off&#8221; da_has_shadow=&#8221;on&#8221;][et_pb_row _builder_version=&#8221;3.25&#8243; custom_padding=&#8221;27px|0px|0|0px|false|false&#8221;][et_pb_column type=&#8221;4_4&#8243; _builder_version=&#8221;3.25&#8243; custom_padding=&#8221;|||&#8221; custom_padding__hover=&#8221;|||&#8221;][et_pb_blurb content_max_width=&#8221;805px&#8221; admin_label=&#8221;contacta&#8217;ns&#8221; _builder_version=&#8221;4.2&#8243; header_level=&#8221;h2&#8243; header_font=&#8221;|600||on|||||&#8221; header_text_align=&#8221;center&#8221; header_text_color=&#8221;#414141&#8243;]<\/p>\n<h2 style=\"text-align: center;\">\u00a1Contacte con nosotros para conocer nuestros art\u00edculos!<\/h2>\n<p>[\/et_pb_blurb][et_pb_divider color=&#8221;#545454&#8243; divider_weight=&#8221;3px&#8221; disabled_on=&#8221;on|on|off&#8221; _builder_version=&#8221;3.17.6&#8243; max_width=&#8221;80px&#8221; module_alignment=&#8221;center&#8221; height=&#8221;10px&#8221; custom_margin=&#8221;||50px|&#8221; animation_style=&#8221;slide&#8221; animation_direction=&#8221;bottom&#8221; saved_tabs=&#8221;all&#8221;]<br \/>\n[\/et_pb_divider][\/et_pb_column][\/et_pb_row][et_pb_row column_structure=&#8221;1_2,1_2&#8243; module_class=&#8221;c-contact&#8221; _builder_version=&#8221;3.25&#8243;][et_pb_column type=&#8221;1_2&#8243; _builder_version=&#8221;3.25&#8243; custom_padding=&#8221;|||&#8221; custom_padding__hover=&#8221;|||&#8221;][et_pb_blurb title=&#8221;Jaba Textil S.L&#8221; icon_placement=&#8221;left&#8221; admin_label=&#8221;Jaba Textil S.L&#8221; _builder_version=&#8221;4.0.5&#8243;]<\/p>\n<p>C\/ Dr. Fleming, 6<br \/>08140 Caldes de Montbui &#8211; Barcelona SPAIN<br \/>Telfs.: 93 865 44 39 &#8211; Fax: 93 865 45 64<br \/>E-mail: <a href=\"mailto:ventas@jabatextil.com\" target=\"_blank\" rel=\"noopener noreferrer\">ventas@jabatextil.com<\/a><\/p>\n<p>[\/et_pb_blurb][et_pb_blurb title=&#8221;Textil J.Balaguer S.A&#8221; icon_placement=&#8221;left&#8221; admin_label=&#8221;Textil J.Balaguer S.A&#8221; _builder_version=&#8221;4.0.5&#8243;]<\/p>\n<p>C\/ Dr. Fleming, s\/n<br \/>08140 Caldes de Montbui &#8211; Barcelona SPAIN<br \/>Telfs.: 93 865 39 43 &#8211; 93 865 39 93 &#8211; Fax: 93 865 45 64<br \/>E-mail: info@textilbalaguer.com<\/p>\n<p>[\/et_pb_blurb][\/et_pb_column][et_pb_column type=&#8221;1_2&#8243; _builder_version=&#8221;3.25&#8243; custom_padding=&#8221;|||&#8221; custom_padding__hover=&#8221;|||&#8221;][et_pb_contact_form captcha=&#8221;off&#8221; submit_button_text=&#8221;Env\u00eda&#8221; module_id=&#8221;et_pb_contact_form_0&#8243; _builder_version=&#8221;4.0.5&#8243; form_field_background_color=&#8221;#ffffff&#8221; custom_button=&#8221;on&#8221; button_text_color=&#8221;#ffffff&#8221; button_bg_color=&#8221;#61d4d2&#8243; button_border_color=&#8221;#61d4d2&#8243; button_border_radius=&#8221;0&#8243; button_letter_spacing=&#8221;2&#8243; button_use_icon=&#8221;off&#8221; border_width_all=&#8221;1px&#8221; border_color_all=&#8221;#dbdbdb&#8221; form_background_color=&#8221;#ffffff&#8221; button_bg_color_hover=&#8221;#003a6d&#8221;][et_pb_contact_field field_id=&#8221;Name&#8221; field_title=&#8221;Nombre&#8221; _builder_version=&#8221;3.16&#8243; button_text_size__hover_enabled=&#8221;off&#8221; button_one_text_size__hover_enabled=&#8221;off&#8221; button_two_text_size__hover_enabled=&#8221;off&#8221; button_text_color__hover_enabled=&#8221;off&#8221; button_one_text_color__hover_enabled=&#8221;off&#8221; button_two_text_color__hover_enabled=&#8221;off&#8221; button_border_width__hover_enabled=&#8221;off&#8221; button_one_border_width__hover_enabled=&#8221;off&#8221; button_two_border_width__hover_enabled=&#8221;off&#8221; button_border_color__hover_enabled=&#8221;off&#8221; button_one_border_color__hover_enabled=&#8221;off&#8221; button_two_border_color__hover_enabled=&#8221;off&#8221; button_border_radius__hover_enabled=&#8221;off&#8221; button_one_border_radius__hover_enabled=&#8221;off&#8221; button_two_border_radius__hover_enabled=&#8221;off&#8221; button_letter_spacing__hover_enabled=&#8221;off&#8221; button_one_letter_spacing__hover_enabled=&#8221;off&#8221; button_two_letter_spacing__hover_enabled=&#8221;off&#8221; button_bg_color__hover_enabled=&#8221;off&#8221; button_one_bg_color__hover_enabled=&#8221;off&#8221; button_two_bg_color__hover_enabled=&#8221;off&#8221;][\/et_pb_contact_field][et_pb_contact_field field_id=&#8221;Email&#8221; field_title=&#8221;Direcci\u00f3n de correo electr\u00f3nico&#8221; field_type=&#8221;email&#8221; _builder_version=&#8221;3.16&#8243; button_text_size__hover_enabled=&#8221;off&#8221; button_one_text_size__hover_enabled=&#8221;off&#8221; button_two_text_size__hover_enabled=&#8221;off&#8221; button_text_color__hover_enabled=&#8221;off&#8221; button_one_text_color__hover_enabled=&#8221;off&#8221; button_two_text_color__hover_enabled=&#8221;off&#8221; button_border_width__hover_enabled=&#8221;off&#8221; button_one_border_width__hover_enabled=&#8221;off&#8221; button_two_border_width__hover_enabled=&#8221;off&#8221; button_border_color__hover_enabled=&#8221;off&#8221; button_one_border_color__hover_enabled=&#8221;off&#8221; button_two_border_color__hover_enabled=&#8221;off&#8221; button_border_radius__hover_enabled=&#8221;off&#8221; button_one_border_radius__hover_enabled=&#8221;off&#8221; button_two_border_radius__hover_enabled=&#8221;off&#8221; button_letter_spacing__hover_enabled=&#8221;off&#8221; button_one_letter_spacing__hover_enabled=&#8221;off&#8221; button_two_letter_spacing__hover_enabled=&#8221;off&#8221; button_bg_color__hover_enabled=&#8221;off&#8221; button_one_bg_color__hover_enabled=&#8221;off&#8221; button_two_bg_color__hover_enabled=&#8221;off&#8221;][\/et_pb_contact_field][et_pb_contact_field field_id=&#8221;Message&#8221; field_title=&#8221;Mensaje&#8221; field_type=&#8221;text&#8221; fullwidth_field=&#8221;on&#8221; _builder_version=&#8221;3.16&#8243; button_text_size__hover_enabled=&#8221;off&#8221; button_one_text_size__hover_enabled=&#8221;off&#8221; button_two_text_size__hover_enabled=&#8221;off&#8221; button_text_color__hover_enabled=&#8221;off&#8221; button_one_text_color__hover_enabled=&#8221;off&#8221; button_two_text_color__hover_enabled=&#8221;off&#8221; button_border_width__hover_enabled=&#8221;off&#8221; button_one_border_width__hover_enabled=&#8221;off&#8221; button_two_border_width__hover_enabled=&#8221;off&#8221; button_border_color__hover_enabled=&#8221;off&#8221; button_one_border_color__hover_enabled=&#8221;off&#8221; button_two_border_color__hover_enabled=&#8221;off&#8221; button_border_radius__hover_enabled=&#8221;off&#8221; button_one_border_radius__hover_enabled=&#8221;off&#8221; button_two_border_radius__hover_enabled=&#8221;off&#8221; button_letter_spacing__hover_enabled=&#8221;off&#8221; button_one_letter_spacing__hover_enabled=&#8221;off&#8221; button_two_letter_spacing__hover_enabled=&#8221;off&#8221; button_bg_color__hover_enabled=&#8221;off&#8221; button_one_bg_color__hover_enabled=&#8221;off&#8221; button_two_bg_color__hover_enabled=&#8221;off&#8221;][\/et_pb_contact_field][et_pb_contact_field field_id=&#8221;GDPR&#8221; field_title=&#8221; &#8221; field_type=&#8221;checkbox&#8221; checkbox_options=&#8221;%91{%22value%22:%22Acepto la %22,%22checked%22:0,%22dragID%22:-1,%22link_url%22:%22\\\/politica-de-privacidad\\\/%22,%22link_text%22:%22Pol\u00edtica de Privacitat%22}%93&#8243; fullwidth_field=&#8221;on&#8221; _builder_version=&#8221;4.0.5&#8243; button_text_size__hover_enabled=&#8221;off&#8221; button_one_text_size__hover_enabled=&#8221;off&#8221; button_two_text_size__hover_enabled=&#8221;off&#8221; button_text_color__hover_enabled=&#8221;off&#8221; button_one_text_color__hover_enabled=&#8221;off&#8221; button_two_text_color__hover_enabled=&#8221;off&#8221; button_border_width__hover_enabled=&#8221;off&#8221; button_one_border_width__hover_enabled=&#8221;off&#8221; button_two_border_width__hover_enabled=&#8221;off&#8221; button_border_color__hover_enabled=&#8221;off&#8221; button_one_border_color__hover_enabled=&#8221;off&#8221; button_two_border_color__hover_enabled=&#8221;off&#8221; button_border_radius__hover_enabled=&#8221;off&#8221; button_one_border_radius__hover_enabled=&#8221;off&#8221; button_two_border_radius__hover_enabled=&#8221;off&#8221; button_letter_spacing__hover_enabled=&#8221;off&#8221; button_one_letter_spacing__hover_enabled=&#8221;off&#8221; button_two_letter_spacing__hover_enabled=&#8221;off&#8221; button_bg_color__hover_enabled=&#8221;off&#8221; button_one_bg_color__hover_enabled=&#8221;off&#8221; button_two_bg_color__hover_enabled=&#8221;off&#8221;][\/et_pb_contact_field][\/et_pb_contact_form][\/et_pb_column][\/et_pb_row][\/et_pb_section]<\/p>\n","protected":false},"excerpt":{"rendered":"<p>Camiser\u00eda de modaNuestra experiencia en camiser\u00eda nos ha posicionado como l\u00edderes en el mercado espa\u00f1ol. Desarrollamos dos colecciones al a\u00f1o, siguiendo siempre las tendencias y las novedades de moda de cada temporada: En dise\u00f1o como en combinaci\u00f3n del colorido. Tambi\u00e9n disponemos de una colecci\u00f3n atemporal de art\u00edculos b\u00e1sicos en stock que nos permite un servicio [&hellip;]<\/p>\n","protected":false},"author":1,"featured_media":0,"parent":0,"menu_order":0,"comment_status":"closed","ping_status":"closed","template":"","meta":{"_et_pb_use_builder":"on","_et_pb_old_content":"","_et_gb_content_width":"","footnotes":""},"class_list":["post-1976","page","type-page","status-publish","hentry"],"yoast_head":"<!-- This site is optimized with the Yoast SEO plugin v26.2 - https:\/\/yoast.com\/wordpress\/plugins\/seo\/ -->\n<title>Camiser\u00eda de moda - Jaba Balaguer Textil<\/title>\n<meta name=\"robots\" content=\"index, follow, max-snippet:-1, max-image-preview:large, max-video-preview:-1\" \/>\n<link rel=\"canonical\" href=\"https:\/\/jabatextil.com\/es\/camiseria-de-moda\/\" \/>\n<meta property=\"og:locale\" content=\"es_ES\" \/>\n<meta property=\"og:type\" content=\"article\" \/>\n<meta property=\"og:title\" content=\"Camiser\u00eda de moda - Jaba Balaguer Textil\" \/>\n<meta property=\"og:description\" content=\"Camiser\u00eda de modaNuestra experiencia en camiser\u00eda nos ha posicionado como l\u00edderes en el mercado espa\u00f1ol. Desarrollamos dos colecciones al a\u00f1o, siguiendo siempre las tendencias y las novedades de moda de cada temporada: En dise\u00f1o como en combinaci\u00f3n del colorido. Tambi\u00e9n disponemos de una colecci\u00f3n atemporal de art\u00edculos b\u00e1sicos en stock que nos permite un servicio [&hellip;]\" \/>\n<meta property=\"og:url\" content=\"https:\/\/jabatextil.com\/es\/camiseria-de-moda\/\" \/>\n<meta property=\"og:site_name\" content=\"Jaba Balaguer Textil\" \/>\n<meta property=\"article:modified_time\" content=\"2023-03-30T14:57:27+00:00\" \/>\n<meta name=\"twitter:card\" content=\"summary_large_image\" \/>\n<meta name=\"twitter:label1\" content=\"Tiempo de lectura\" \/>\n\t<meta name=\"twitter:data1\" content=\"10 minutos\" \/>\n<script type=\"application\/ld+json\" class=\"yoast-schema-graph\">{\"@context\":\"https:\/\/schema.org\",\"@graph\":[{\"@type\":\"WebPage\",\"@id\":\"https:\/\/jabatextil.com\/es\/camiseria-de-moda\/\",\"url\":\"https:\/\/jabatextil.com\/es\/camiseria-de-moda\/\",\"name\":\"Camiser\u00eda de moda - Jaba Balaguer Textil\",\"isPartOf\":{\"@id\":\"https:\/\/jabatextil.com\/es\/#website\"},\"datePublished\":\"2020-07-29T10:26:39+00:00\",\"dateModified\":\"2023-03-30T14:57:27+00:00\",\"breadcrumb\":{\"@id\":\"https:\/\/jabatextil.com\/es\/camiseria-de-moda\/#breadcrumb\"},\"inLanguage\":\"es\",\"potentialAction\":[{\"@type\":\"ReadAction\",\"target\":[\"https:\/\/jabatextil.com\/es\/camiseria-de-moda\/\"]}]},{\"@type\":\"BreadcrumbList\",\"@id\":\"https:\/\/jabatextil.com\/es\/camiseria-de-moda\/#breadcrumb\",\"itemListElement\":[{\"@type\":\"ListItem\",\"position\":1,\"name\":\"Portada\",\"item\":\"https:\/\/jabatextil.com\/es\/\"},{\"@type\":\"ListItem\",\"position\":2,\"name\":\"Camiser\u00eda de moda\"}]},{\"@type\":\"WebSite\",\"@id\":\"https:\/\/jabatextil.com\/es\/#website\",\"url\":\"https:\/\/jabatextil.com\/es\/\",\"name\":\"Jaba Balaguer Textil\",\"description\":\"Projectes d\u2019imatge corporativa i roba laboral, adaptat a les necessitats o gust del client\",\"publisher\":{\"@id\":\"https:\/\/jabatextil.com\/es\/#organization\"},\"potentialAction\":[{\"@type\":\"SearchAction\",\"target\":{\"@type\":\"EntryPoint\",\"urlTemplate\":\"https:\/\/jabatextil.com\/es\/?s={search_term_string}\"},\"query-input\":{\"@type\":\"PropertyValueSpecification\",\"valueRequired\":true,\"valueName\":\"search_term_string\"}}],\"inLanguage\":\"es\"},{\"@type\":\"Organization\",\"@id\":\"https:\/\/jabatextil.com\/es\/#organization\",\"name\":\"Textil Balaguer SL\",\"url\":\"https:\/\/jabatextil.com\/es\/\",\"logo\":{\"@type\":\"ImageObject\",\"inLanguage\":\"es\",\"@id\":\"https:\/\/jabatextil.com\/es\/#\/schema\/logo\/image\/\",\"url\":\"https:\/\/jabatextil.com\/wp-content\/uploads\/2019\/10\/logo_jaba-textil-400.png\",\"contentUrl\":\"https:\/\/jabatextil.com\/wp-content\/uploads\/2019\/10\/logo_jaba-textil-400.png\",\"width\":400,\"height\":215,\"caption\":\"Textil Balaguer SL\"},\"image\":{\"@id\":\"https:\/\/jabatextil.com\/es\/#\/schema\/logo\/image\/\"}}]}<\/script>\n<!-- \/ Yoast SEO plugin. -->","yoast_head_json":{"title":"Camiser\u00eda de moda - Jaba Balaguer Textil","robots":{"index":"index","follow":"follow","max-snippet":"max-snippet:-1","max-image-preview":"max-image-preview:large","max-video-preview":"max-video-preview:-1"},"canonical":"https:\/\/jabatextil.com\/es\/camiseria-de-moda\/","og_locale":"es_ES","og_type":"article","og_title":"Camiser\u00eda de moda - Jaba Balaguer Textil","og_description":"Camiser\u00eda de modaNuestra experiencia en camiser\u00eda nos ha posicionado como l\u00edderes en el mercado espa\u00f1ol. Desarrollamos dos colecciones al a\u00f1o, siguiendo siempre las tendencias y las novedades de moda de cada temporada: En dise\u00f1o como en combinaci\u00f3n del colorido. Tambi\u00e9n disponemos de una colecci\u00f3n atemporal de art\u00edculos b\u00e1sicos en stock que nos permite un servicio [&hellip;]","og_url":"https:\/\/jabatextil.com\/es\/camiseria-de-moda\/","og_site_name":"Jaba Balaguer Textil","article_modified_time":"2023-03-30T14:57:27+00:00","twitter_card":"summary_large_image","twitter_misc":{"Tiempo de lectura":"10 minutos"},"schema":{"@context":"https:\/\/schema.org","@graph":[{"@type":"WebPage","@id":"https:\/\/jabatextil.com\/es\/camiseria-de-moda\/","url":"https:\/\/jabatextil.com\/es\/camiseria-de-moda\/","name":"Camiser\u00eda de moda - Jaba Balaguer Textil","isPartOf":{"@id":"https:\/\/jabatextil.com\/es\/#website"},"datePublished":"2020-07-29T10:26:39+00:00","dateModified":"2023-03-30T14:57:27+00:00","breadcrumb":{"@id":"https:\/\/jabatextil.com\/es\/camiseria-de-moda\/#breadcrumb"},"inLanguage":"es","potentialAction":[{"@type":"ReadAction","target":["https:\/\/jabatextil.com\/es\/camiseria-de-moda\/"]}]},{"@type":"BreadcrumbList","@id":"https:\/\/jabatextil.com\/es\/camiseria-de-moda\/#breadcrumb","itemListElement":[{"@type":"ListItem","position":1,"name":"Portada","item":"https:\/\/jabatextil.com\/es\/"},{"@type":"ListItem","position":2,"name":"Camiser\u00eda de moda"}]},{"@type":"WebSite","@id":"https:\/\/jabatextil.com\/es\/#website","url":"https:\/\/jabatextil.com\/es\/","name":"Jaba Balaguer Textil","description":"Projectes d\u2019imatge corporativa i roba laboral, adaptat a les necessitats o gust del client","publisher":{"@id":"https:\/\/jabatextil.com\/es\/#organization"},"potentialAction":[{"@type":"SearchAction","target":{"@type":"EntryPoint","urlTemplate":"https:\/\/jabatextil.com\/es\/?s={search_term_string}"},"query-input":{"@type":"PropertyValueSpecification","valueRequired":true,"valueName":"search_term_string"}}],"inLanguage":"es"},{"@type":"Organization","@id":"https:\/\/jabatextil.com\/es\/#organization","name":"Textil Balaguer SL","url":"https:\/\/jabatextil.com\/es\/","logo":{"@type":"ImageObject","inLanguage":"es","@id":"https:\/\/jabatextil.com\/es\/#\/schema\/logo\/image\/","url":"https:\/\/jabatextil.com\/wp-content\/uploads\/2019\/10\/logo_jaba-textil-400.png","contentUrl":"https:\/\/jabatextil.com\/wp-content\/uploads\/2019\/10\/logo_jaba-textil-400.png","width":400,"height":215,"caption":"Textil Balaguer SL"},"image":{"@id":"https:\/\/jabatextil.com\/es\/#\/schema\/logo\/image\/"}}]}},"_links":{"self":[{"href":"https:\/\/jabatextil.com\/es\/wp-json\/wp\/v2\/pages\/1976","targetHints":{"allow":["GET"]}}],"collection":[{"href":"https:\/\/jabatextil.com\/es\/wp-json\/wp\/v2\/pages"}],"about":[{"href":"https:\/\/jabatextil.com\/es\/wp-json\/wp\/v2\/types\/page"}],"author":[{"embeddable":true,"href":"https:\/\/jabatextil.com\/es\/wp-json\/wp\/v2\/users\/1"}],"replies":[{"embeddable":true,"href":"https:\/\/jabatextil.com\/es\/wp-json\/wp\/v2\/comments?post=1976"}],"version-history":[{"count":20,"href":"https:\/\/jabatextil.com\/es\/wp-json\/wp\/v2\/pages\/1976\/revisions"}],"predecessor-version":[{"id":2501,"href":"https:\/\/jabatextil.com\/es\/wp-json\/wp\/v2\/pages\/1976\/revisions\/2501"}],"wp:attachment":[{"href":"https:\/\/jabatextil.com\/es\/wp-json\/wp\/v2\/media?parent=1976"}],"curies":[{"name":"wp","href":"https:\/\/api.w.org\/{rel}","templated":true}]}}